{"id":12,"date":"2024-12-28T15:19:33","date_gmt":"2024-12-28T15:19:33","guid":{"rendered":"https:\/\/demosites.royal-elementor-addons.com\/personal-coach-v1\/?page_id=12"},"modified":"2026-05-02T11:22:05","modified_gmt":"2026-05-02T11:22:05","slug":"contact","status":"publish","type":"page","link":"https:\/\/bvik-jugendhilfe.de\/index.php\/contact\/","title":{"rendered":"Contact"},"content":{"rendered":"\t\t<div data-elementor-type=\"wp-page\" data-elementor-id=\"12\" class=\"elementor elementor-12\" data-elementor-post-type=\"page\">\n\t\t\t\t<div class=\"elementor-element elementor-element-a3e116f e-con-full e-flex wpr-particle-no wpr-jarallax-no wpr-parallax-no wpr-sticky-section-no wpr-equal-height-no e-con e-parent\" data-id=\"a3e116f\" data-element_type=\"container\" data-e-type=\"container\">\n\t\t<div class=\"elementor-element elementor-element-4da8b9c e-flex e-con-boxed wpr-particle-no wpr-jarallax-no wpr-parallax-no wpr-sticky-section-no wpr-equal-height-no e-con e-child\" data-id=\"4da8b9c\" data-element_type=\"container\" data-e-type=\"container\" data-settings=\"{&quot;background_background&quot;:&quot;classic&quot;}\">\n\t\t\t\t\t<div class=\"e-con-inner\">\n\t\t\t\t<div class=\"elementor-element elementor-element-02d1fe7 elementor-widget elementor-widget-heading\" data-id=\"02d1fe7\" data-element_type=\"widget\" data-e-type=\"widget\" data-widget_type=\"heading.default\">\n\t\t\t\t\t<h2 class=\"elementor-heading-title elementor-size-default\">Kontakt<\/h2>\t\t\t\t<\/div>\n\t\t\t\t<div class=\"elementor-element elementor-element-06299d7 elementor-widget elementor-widget-heading\" data-id=\"06299d7\" data-element_type=\"widget\" data-e-type=\"widget\" data-widget_type=\"heading.default\">\n\t\t\t\t\t<h2 class=\"elementor-heading-title elementor-size-default\">Home \/ Contact<\/h2>\t\t\t\t<\/div>\n\t\t\t\t\t<\/div>\n\t\t\t\t<\/div>\n\t\t\t\t<\/div>\n\t\t<div class=\"elementor-element elementor-element-79613da e-flex e-con-boxed wpr-particle-no wpr-jarallax-no wpr-parallax-no wpr-sticky-section-no wpr-equal-height-no e-con e-parent\" data-id=\"79613da\" data-element_type=\"container\" data-e-type=\"container\">\n\t\t\t\t\t<div class=\"e-con-inner\">\n\t\t<div class=\"elementor-element elementor-element-1872078 e-flex e-con-boxed wpr-particle-no wpr-jarallax-no wpr-parallax-no wpr-sticky-section-no wpr-equal-height-no elementor-invisible e-con e-child\" data-id=\"1872078\" data-element_type=\"container\" data-e-type=\"container\" data-settings=\"{&quot;animation&quot;:&quot;slideInLeft&quot;}\">\n\t\t\t\t\t<div class=\"e-con-inner\">\n\t\t\t\t<div class=\"elementor-element elementor-element-85325bc elementor-widget elementor-widget-heading\" data-id=\"85325bc\" data-element_type=\"widget\" data-e-type=\"widget\" data-widget_type=\"heading.default\">\n\t\t\t\t\t<h2 class=\"elementor-heading-title elementor-size-default\">Lass uns sprechen!<\/h2>\t\t\t\t<\/div>\n\t\t\t\t<div class=\"elementor-element elementor-element-114745f elementor-widget elementor-widget-text-editor\" data-id=\"114745f\" data-element_type=\"widget\" data-e-type=\"widget\" data-widget_type=\"text-editor.default\">\n\t\t\t\t\t\t\t\t\t<p>\u00dcber das Anfrageformular beantworten wir gerne Fragen<\/p>\t\t\t\t\t\t\t\t<\/div>\n\t\t\t\t<div class=\"elementor-element elementor-element-68c8d3e elementor-widget-divider--view-line elementor-widget elementor-widget-divider\" data-id=\"68c8d3e\" data-element_type=\"widget\" data-e-type=\"widget\" data-widget_type=\"divider.default\">\n\t\t\t\t\t\t\t<div class=\"elementor-divider\">\n\t\t\t<span class=\"elementor-divider-separator\">\n\t\t\t\t\t\t<\/span>\n\t\t<\/div>\n\t\t\t\t\t\t<\/div>\n\t\t\t\t<div class=\"elementor-element elementor-element-655f75a wpr-step-type-number_text wpr-step-content-layout-vertical wpr-custom-styles-yes elementor-widget elementor-widget-wpr-form-builder\" data-id=\"655f75a\" data-element_type=\"widget\" data-e-type=\"widget\" data-settings=\"{&quot;success_message&quot;:&quot;Nachricht wurde versandt&quot;,&quot;error_message&quot;:&quot;Uups.. da gab es einen Fehler. Bitte wiederholen&quot;,&quot;button_width&quot;:{&quot;unit&quot;:&quot;%&quot;,&quot;size&quot;:100,&quot;sizes&quot;:[]},&quot;button_width_laptop&quot;:{&quot;unit&quot;:&quot;px&quot;,&quot;size&quot;:&quot;&quot;,&quot;sizes&quot;:[]},&quot;button_width_tablet&quot;:{&quot;unit&quot;:&quot;px&quot;,&quot;size&quot;:&quot;&quot;,&quot;sizes&quot;:[]},&quot;button_width_mobile&quot;:{&quot;unit&quot;:&quot;px&quot;,&quot;size&quot;:&quot;&quot;,&quot;sizes&quot;:[]},&quot;step_type&quot;:&quot;number_text&quot;,&quot;step_content_layout&quot;:&quot;vertical&quot;}\" data-widget_type=\"wpr-form-builder.default\">\n\t\t\t\t\t\t\t<form class=\"wpr-form\" method=\"post\" name=\"New Form\" page=\"Contact\" page_id=\"12\" novalidate>\n\t\t\t<input type=\"hidden\" name=\"post_id\" value=\"12\"\/>\n\t\t\t<input type=\"hidden\" name=\"form_id\" value=\"655f75a\"\/>\n\t\t\t<input type=\"hidden\" name=\"referer_title\" value=\"\" \/>\n\n\t\t\t<div class=\"wpr-step-wrap\"><\/div>\n\t\t\t<div class=\"wpr-form-fields-wrap wpr-labels-above\">\n\t\t\t\t\t\t\t\t\t<div class=\"wpr-form-field-type-text wpr-field-group wpr-column wpr-field-group-name elementor-repeater-item-833453a\">\n\t\t\t\t\t\t\t\t\t\t\t\t\t\t<label for=\"form-field-name\" class=\"wpr-form-field-label\" data-alt-label=\"Name\">\n\t\t\t\t\t\t\t\t\tName\t\t\t\t\t\t\t\t<\/label>\n\t\t\t\t\t\t\t<input size=\"1 \"type=\"text\" name=\"form_fields[name]\" id=\"form-field-name\" class=\"wpr-form-field  wpr-form-field-textual\" placeholder=\"Name\">\t\t\t\t\t<\/div>\n\t\t\t\t\t\t\t\t\t<div class=\"wpr-form-field-type-text wpr-field-group wpr-column wpr-field-group-df1d6c8 elementor-repeater-item-df1d6c8\">\n\t\t\t\t\t\t\t\t\t\t\t\t\t\t<label for=\"form-field-df1d6c8\" class=\"wpr-form-field-label\" data-alt-label=\"Vorname\">\n\t\t\t\t\t\t\t\t\tVorname\t\t\t\t\t\t\t\t<\/label>\n\t\t\t\t\t\t\t<input size=\"1 \"type=\"text\" name=\"form_fields[df1d6c8]\" id=\"form-field-df1d6c8\" class=\"wpr-form-field  wpr-form-field-textual\" placeholder=\"Vorname\">\t\t\t\t\t<\/div>\n\t\t\t\t\t\t\t\t\t<div class=\"wpr-form-field-type-text wpr-field-group wpr-column wpr-field-group-7474e8e elementor-repeater-item-7474e8e\">\n\t\t\t\t\t\t\t\t\t\t\t\t\t\t<label for=\"form-field-7474e8e\" class=\"wpr-form-field-label\" data-alt-label=\"E-Mail\">\n\t\t\t\t\t\t\t\t\tE-Mail\t\t\t\t\t\t\t\t<\/label>\n\t\t\t\t\t\t\t<input size=\"1 \"type=\"text\" name=\"form_fields[7474e8e]\" id=\"form-field-7474e8e\" class=\"wpr-form-field  wpr-form-field-textual\" placeholder=\"name@abc.de\">\t\t\t\t\t<\/div>\n\t\t\t\t\t\t\t\t\t<div class=\"wpr-form-field-type-textarea wpr-field-group wpr-column wpr-field-group-message elementor-repeater-item-2d6edf9\">\n\t\t\t\t\t\t\t\t\t\t\t\t\t\t<label for=\"form-field-message\" class=\"wpr-form-field-label\" data-alt-label=\"Nachricht\">\n\t\t\t\t\t\t\t\t\tNachricht\t\t\t\t\t\t\t\t<\/label>\n\t\t\t\t\t\t\t<textarea class=\"wpr-form-field-textual wpr-form-field \" name=\"form_fields[message]\" id=\"form-field-message\" rows=\"7\" placeholder=\"Nachricht an uns\"><\/textarea>\t\t\t\t\t<\/div>\n\t\t\t\t<div class=\"wpr-field-group wpr-stp-btns-wrap wpr-column wpr-form-field-type-submit\" data-actions=\"[&quot;email&quot;]\" data-redirect-url=\"\" data-mailchimp-fields=\"{&quot;email_field&quot;:&quot;&quot;,&quot;first_name_field&quot;:&quot;&quot;,&quot;last_name_field&quot;:&quot;&quot;,&quot;address_field&quot;:&quot;&quot;,&quot;phone_field&quot;:&quot;&quot;,&quot;birthday_field&quot;:&quot;&quot;,&quot;group_id&quot;:&quot;&quot;}\" data-list-id=\"\">\t\t\t<button type=\"submit\" class=\"wpr-button\">\n\t\t\t\t<span >\n\t\t\t\t\t\t\t\t\t\t\t\t\t\t\t\t<span>Senden<\/span>\n\t\t\t\t\t\t\t\t\t\t\t\t\t\t<\/span>\t\n\t\t\t\t<div class=\"wpr-double-bounce wpr-loader-hidden\">\n\t\t\t\t\t<div class=\"wpr-child wpr-double-bounce1\"><\/div>\n\t\t\t\t\t<div class=\"wpr-child wpr-double-bounce2\"><\/div>\n\t\t\t\t<\/div>\n\t\t\t<\/button>\n\t\t<\/div>\t\t\t\t\n\t\t\t<\/div>\n\t\t<\/form>\n\t  \t\t\t\t<\/div>\n\t\t\t\t<div class=\"elementor-element elementor-element-1b3dba6 elementor-icon-list--layout-traditional elementor-list-item-link-full_width elementor-widget elementor-widget-icon-list\" data-id=\"1b3dba6\" data-element_type=\"widget\" data-e-type=\"widget\" data-widget_type=\"icon-list.default\">\n\t\t\t\t\t\t\t<ul class=\"elementor-icon-list-items\">\n\t\t\t\t\t\t\t<li class=\"elementor-icon-list-item\">\n\t\t\t\t\t\t\t\t\t\t\t<span class=\"elementor-icon-list-icon\">\n\t\t\t\t\t\t\t<svg aria-hidden=\"true\" class=\"e-font-icon-svg e-far-square\" viewBox=\"0 0 448 512\" xmlns=\"http:\/\/www.w3.org\/2000\/svg\"><path d=\"M400 32H48C21.5 32 0 53.5 0 80v352c0 26.5 21.5 48 48 48h352c26.5 0 48-21.5 48-48V80c0-26.5-21.5-48-48-48zm-6 400H54c-3.3 0-6-2.7-6-6V86c0-3.3 2.7-6 6-6h340c3.3 0 6 2.7 6 6v340c0 3.3-2.7 6-6 6z\"><\/path><\/svg>\t\t\t\t\t\t<\/span>\n\t\t\t\t\t\t\t\t\t\t<span class=\"elementor-icon-list-text\">Ich bin damit einverstanden, weitere Mitteilungen zu erhalten.<\/span>\n\t\t\t\t\t\t\t\t\t<\/li>\n\t\t\t\t\t\t\t\t<li class=\"elementor-icon-list-item\">\n\t\t\t\t\t\t\t\t\t\t\t<span class=\"elementor-icon-list-icon\">\n\t\t\t\t\t\t\t<svg aria-hidden=\"true\" class=\"e-font-icon-svg e-far-square\" viewBox=\"0 0 448 512\" xmlns=\"http:\/\/www.w3.org\/2000\/svg\"><path d=\"M400 32H48C21.5 32 0 53.5 0 80v352c0 26.5 21.5 48 48 48h352c26.5 0 48-21.5 48-48V80c0-26.5-21.5-48-48-48zm-6 400H54c-3.3 0-6-2.7-6-6V86c0-3.3 2.7-6 6-6h340c3.3 0 6 2.7 6 6v340c0 3.3-2.7 6-6 6z\"><\/path><\/svg>\t\t\t\t\t\t<\/span>\n\t\t\t\t\t\t\t\t\t\t<span class=\"elementor-icon-list-text\">Ich stimme der Speicherung meiner Daten zu.<\/span>\n\t\t\t\t\t\t\t\t\t<\/li>\n\t\t\t\t\t\t<\/ul>\n\t\t\t\t\t\t<\/div>\n\t\t\t\t<div class=\"elementor-element elementor-element-e34cdb3 elementor-widget elementor-widget-text-editor\" data-id=\"e34cdb3\" data-element_type=\"widget\" data-e-type=\"widget\" data-widget_type=\"text-editor.default\">\n\t\t\t\t\t\t\t\t\t<div class=\"n4sEPd\"><div class=\"QFw9Te BLojaf\"><div id=\"ow15\" class=\"NQSJo\"><span class=\"jCAhz ChMk0b\"><span class=\"ryNqvb\">Wir verpflichten uns, die Privatsph\u00e4re gem\u00e4\u00df unserer Datenschutzrichtlinie zu sch\u00fctzen und zu respektieren.<\/span><\/span>\u00a0<\/div><\/div><\/div>\t\t\t\t\t\t\t\t<\/div>\n\t\t\t\t\t<\/div>\n\t\t\t\t<\/div>\n\t\t<div class=\"elementor-element elementor-element-247de7a e-flex e-con-boxed wpr-particle-no wpr-jarallax-no wpr-parallax-no wpr-sticky-section-no wpr-equal-height-no e-con e-child\" data-id=\"247de7a\" data-element_type=\"container\" data-e-type=\"container\">\n\t\t\t\t\t<div class=\"e-con-inner\">\n\t\t\t\t<div class=\"elementor-element elementor-element-7f9b21c elementor-invisible elementor-widget elementor-widget-image\" data-id=\"7f9b21c\" data-element_type=\"widget\" data-e-type=\"widget\" data-settings=\"{&quot;_animation&quot;:&quot;fadeIn&quot;}\" data-widget_type=\"image.default\">\n\t\t\t\t\t\t\t\t\t\t\t\t\t\t\t<img fetchpriority=\"high\" decoding=\"async\" width=\"605\" height=\"900\" src=\"https:\/\/bvik-jugendhilfe.de\/wp-content\/uploads\/2025\/01\/Woman.jpg\" class=\"attachment-full size-full wp-image-1319\" alt=\"\" srcset=\"https:\/\/bvik-jugendhilfe.de\/wp-content\/uploads\/2025\/01\/Woman.jpg 605w, https:\/\/bvik-jugendhilfe.de\/wp-content\/uploads\/2025\/01\/Woman-202x300.jpg 202w\" sizes=\"(max-width: 605px) 100vw, 605px\" \/>\t\t\t\t\t\t\t\t\t\t\t\t\t\t\t<\/div>\n\t\t\t\t\t<\/div>\n\t\t\t\t<\/div>\n\t\t\t\t\t<\/div>\n\t\t\t\t<\/div>\n\t\t<div class=\"elementor-element elementor-element-1ad2881 e-flex e-con-boxed wpr-particle-no wpr-jarallax-no wpr-parallax-no wpr-sticky-section-no wpr-equal-height-no e-con e-parent\" data-id=\"1ad2881\" data-element_type=\"container\" data-e-type=\"container\" data-settings=\"{&quot;background_background&quot;:&quot;classic&quot;}\">\n\t\t\t\t\t<div class=\"e-con-inner\">\n\t\t<div class=\"elementor-element elementor-element-e54011b e-grid e-con-boxed wpr-particle-no wpr-jarallax-no wpr-parallax-no wpr-sticky-section-no wpr-equal-height-no e-con e-child\" data-id=\"e54011b\" data-element_type=\"container\" data-e-type=\"container\">\n\t\t\t\t\t<div class=\"e-con-inner\">\n\t\t\t\t<div class=\"elementor-element elementor-element-559773d wpr-promo-box-style-cover elementor-invisible elementor-widget elementor-widget-wpr-promo-box\" data-id=\"559773d\" data-element_type=\"widget\" data-e-type=\"widget\" data-settings=\"{&quot;_animation&quot;:&quot;zoomIn&quot;}\" data-widget_type=\"wpr-promo-box.default\">\n\t\t\t\t\t\n\t\t<div class=\"wpr-promo-box wpr-animation-wrap\">\n\n\t\t\t\t\t\t\t\n\t\t\t\t\t\t\t<div class=\"wpr-promo-box-image\">\n\t\t\t\t\t<div class=\"wpr-promo-box-bg-image wpr-bg-anim-zoom-in wpr-anim-timing-ease-default\" style=\"background-image:url(https:\/\/bvik-jugendhilfe.de\/wp-content\/uploads\/woocommerce-placeholder.webp);\"><\/div>\n\t\t\t\t\t<div class=\"wpr-promo-box-bg-overlay wpr-border-anim-none\"><\/div>\n\t\t\t\t<\/div>\n\t\t\t\t\t\t\n\t\t\t<div class=\"wpr-promo-box-content\">\n\n\t\t\t\t\t\t\t\t<div class=\"wpr-promo-box-icon\">\n\t\t\t\t\t\t\t\t\t\t\t<i class=\"fas fa-phone-alt\"><\/i>\n\t\t\t\t\t\t\t\t\t<\/div>\n\t\t\t\t\n\t\t\t\t<h3 class=\"wpr-promo-box-title\"><span>Telefonnummern<\/span><\/h3>\n\t\t\t\t\t\t\t\t\t<div class=\"wpr-promo-box-description\">\n\t\t\t\t\t\t<p><p>BVIK gGmbH <a href=\"tel:017617722207\">0176 177 222 07<\/a><br \/>BVIK Bayern gGmbH <a href=\"tel:017617722322\">0176 177 22 3 22<\/a><\/p><\/p>\t\n\t\t\t\t\t<\/div>\t\t\t\t\t\t\n\t\t\t\t\n\t\t\t\t\t\t\t<\/div>\n\n\t\t\t\r\n\t\t\t<div class=\"wpr-promo-box-badge wpr-promo-box-badge-corner wpr-promo-box-badge-right\">\r\n\t\t\t\t<div class=\"wpr-promo-box-badge-inner\">Telefon<\/div>\r\n\t\t\t<\/div>\r\n\t\t\t\t<\/div>\n\n\t\t\t\t\t\t<\/div>\n\t\t\t\t<div class=\"elementor-element elementor-element-5b3de30 wpr-promo-box-style-cover elementor-invisible elementor-widget elementor-widget-wpr-promo-box\" data-id=\"5b3de30\" data-element_type=\"widget\" data-e-type=\"widget\" data-settings=\"{&quot;_animation&quot;:&quot;zoomIn&quot;,&quot;_animation_delay&quot;:100}\" data-widget_type=\"wpr-promo-box.default\">\n\t\t\t\t\t\n\t\t<div class=\"wpr-promo-box wpr-animation-wrap\">\n\n\t\t\t\t\t\t\t\n\t\t\t\t\t\t\t<div class=\"wpr-promo-box-image\">\n\t\t\t\t\t<div class=\"wpr-promo-box-bg-image wpr-bg-anim-zoom-in wpr-anim-timing-ease-default\" style=\"background-image:url(https:\/\/bvik-jugendhilfe.de\/wp-content\/plugins\/elementor\/assets\/images\/placeholder.png);\"><\/div>\n\t\t\t\t\t<div class=\"wpr-promo-box-bg-overlay wpr-border-anim-none\"><\/div>\n\t\t\t\t<\/div>\n\t\t\t\t\t\t\n\t\t\t<div class=\"wpr-promo-box-content\">\n\n\t\t\t\t\t\t\t\t<div class=\"wpr-promo-box-icon\">\n\t\t\t\t\t\t\t\t\t\t\t<i class=\"fas fa-envelope\"><\/i>\n\t\t\t\t\t\t\t\t\t<\/div>\n\t\t\t\t\n\t\t\t\t<h3 class=\"wpr-promo-box-title\"><span>Email<\/span><\/h3>\n\t\t\t\t\t\t\t\t\t<div class=\"wpr-promo-box-description\">\n\t\t\t\t\t\t<p><p><a href=\"mailto:info@bvik.de\">info@bvik.de<\/a><br \/><a href=\"mailto:info@bvik-bayern.de\">info@bvik-bayern.de<\/a><\/p><\/p>\t\n\t\t\t\t\t<\/div>\t\t\t\t\t\t\n\t\t\t\t\n\t\t\t\t\t\t\t<\/div>\n\n\t\t\t\r\n\t\t\t<div class=\"wpr-promo-box-badge wpr-promo-box-badge-corner wpr-promo-box-badge-right\">\r\n\t\t\t\t<div class=\"wpr-promo-box-badge-inner\">E-Mail<\/div>\r\n\t\t\t<\/div>\r\n\t\t\t\t<\/div>\n\n\t\t\t\t\t\t<\/div>\n\t\t\t\t<div class=\"elementor-element elementor-element-6afae82 wpr-promo-box-style-cover elementor-invisible elementor-widget elementor-widget-wpr-promo-box\" data-id=\"6afae82\" data-element_type=\"widget\" data-e-type=\"widget\" data-settings=\"{&quot;_animation&quot;:&quot;zoomIn&quot;,&quot;_animation_delay&quot;:200}\" data-widget_type=\"wpr-promo-box.default\">\n\t\t\t\t\t\n\t\t<div class=\"wpr-promo-box wpr-animation-wrap\">\n\n\t\t\t\t\t\t\t\n\t\t\t\t\t\t\t<div class=\"wpr-promo-box-image\">\n\t\t\t\t\t<div class=\"wpr-promo-box-bg-image wpr-bg-anim-zoom-in wpr-anim-timing-ease-default\" style=\"background-image:url(https:\/\/bvik-jugendhilfe.de\/wp-content\/plugins\/elementor\/assets\/images\/placeholder.png);\"><\/div>\n\t\t\t\t\t<div class=\"wpr-promo-box-bg-overlay wpr-border-anim-none\"><\/div>\n\t\t\t\t<\/div>\n\t\t\t\t\t\t\n\t\t\t<div class=\"wpr-promo-box-content\">\n\n\t\t\t\t\t\t\t\t<div class=\"wpr-promo-box-icon\">\n\t\t\t\t\t\t\t\t\t\t\t<i class=\"fas fa-map-marker-alt\"><\/i>\n\t\t\t\t\t\t\t\t\t<\/div>\n\t\t\t\t\n\t\t\t\t<h3 class=\"wpr-promo-box-title\"><span>Postadressen<\/span><\/h3>\n\t\t\t\t\t\t\t\t\t<div class=\"wpr-promo-box-description\">\n\t\t\t\t\t\t<p><p><strong>BVIK gGmbH<\/strong> Kirchstra\u00dfe 1a 06366 K\u00f6then<br \/><strong>BVIK Bayern gGmbH <\/strong>Europaring 4 94315 Straubing<\/p><\/p>\t\n\t\t\t\t\t<\/div>\t\t\t\t\t\t\n\t\t\t\t\n\t\t\t\t\t\t\t<\/div>\n\n\t\t\t\r\n\t\t\t<div class=\"wpr-promo-box-badge wpr-promo-box-badge-corner wpr-promo-box-badge-right\">\r\n\t\t\t\t<div class=\"wpr-promo-box-badge-inner\">Anschrift<\/div>\r\n\t\t\t<\/div>\r\n\t\t\t\t<\/div>\n\n\t\t\t\t\t\t<\/div>\n\t\t\t\t\t<\/div>\n\t\t\t\t<\/div>\n\t\t\t\t\t<\/div>\n\t\t\t\t<\/div>\n\t\t<div class=\"elementor-element elementor-element-4668236 e-flex e-con-boxed wpr-particle-no wpr-jarallax-no wpr-parallax-no wpr-sticky-section-no wpr-equal-height-no e-con e-parent\" data-id=\"4668236\" data-element_type=\"container\" data-e-type=\"container\">\n\t\t\t\t\t<div class=\"e-con-inner\">\n\t\t<div class=\"elementor-element elementor-element-0120a66 e-flex e-con-boxed wpr-particle-no wpr-jarallax-no wpr-parallax-no wpr-sticky-section-no wpr-equal-height-no e-con e-child\" data-id=\"0120a66\" data-element_type=\"container\" data-e-type=\"container\">\n\t\t\t\t\t<div class=\"e-con-inner\">\n\t\t\t\t<div class=\"elementor-element elementor-element-fc63cd7 elementor-widget elementor-widget-heading\" data-id=\"fc63cd7\" data-element_type=\"widget\" data-e-type=\"widget\" data-widget_type=\"heading.default\">\n\t\t\t\t\t<h2 class=\"elementor-heading-title elementor-size-default\">H\u00e4ufig gestellte Fragen (FAQ)<\/h2>\t\t\t\t<\/div>\n\t\t\t\t<div class=\"elementor-element elementor-element-3733739 elementor-widget elementor-widget-text-editor\" data-id=\"3733739\" data-element_type=\"widget\" data-e-type=\"widget\" data-widget_type=\"text-editor.default\">\n\t\t\t\t\t\t\t\t\t<p data-start=\"120\" data-end=\"320\">Sie m\u00f6chten sich schnell und kompakt \u00fcber den BVIK Jugendhilfeverbund informieren?<br data-start=\"202\" data-end=\"205\" \/>In unseren FAQ finden Sie Antworten auf die wichtigsten Fragen zu unseren Angeboten, Zielgruppen und Arbeitsweisen.<\/p><p data-start=\"322\" data-end=\"520\">Unser Anspruch ist es, transparent, verst\u00e4ndlich und l\u00f6sungsorientiert zu informieren. Gleichzeitig wissen wir, dass jeder Fall individuell ist und nicht jede Frage pauschal beantwortet werden kann.<br \/><strong data-start=\"525\" data-end=\"641\">Sollte Ihre Frage hier nicht ausreichend beantwortet werden, z\u00f6gern Sie bitte nicht, uns direkt zu kontaktieren.<\/strong><br data-start=\"641\" data-end=\"644\" \/>Wir stehen Ihnen gerne pers\u00f6nlich zur Verf\u00fcgung und entwickeln gemeinsam mit Ihnen passende L\u00f6sungen.<\/p>\t\t\t\t\t\t\t\t<\/div>\n\t\t<div class=\"elementor-element elementor-element-51f4293 e-grid e-con-boxed wpr-particle-no wpr-jarallax-no wpr-parallax-no wpr-sticky-section-no wpr-equal-height-no e-con e-child\" data-id=\"51f4293\" data-element_type=\"container\" data-e-type=\"container\">\n\t\t\t\t\t<div class=\"e-con-inner\">\n\t\t\t\t<div class=\"elementor-element elementor-element-e0600d0 wpr-advanced-accordion-icon-side-box elementor-invisible elementor-widget elementor-widget-wpr-advanced-accordion\" data-id=\"e0600d0\" data-element_type=\"widget\" data-e-type=\"widget\" data-settings=\"{&quot;_animation&quot;:&quot;slideInLeft&quot;,&quot;active_item&quot;:0}\" data-widget_type=\"wpr-advanced-accordion.default\">\n\t\t\t\t\t\n            <div class=\"wpr-advanced-accordion\" data-accordion-type=\"accordion\" data-active-index=\"0\" data-accordion-trigger=\"click\" data-interaction-speed=\"0.4\">\n\n\t\t\t\n                \n\t\t\t\t\t<div class=\"wpr-accordion-item-wrap\">\n\t\t\t\t\t\t<button class=\"wpr-acc-button\">\n\t\t\t\t\t\t\t<span class=\"wpr-acc-item-title\">\n\t\t\t\t\t\t\t\t\t\t\t\t\t\t\t\t\t<div class=\"wpr-acc-icon-box\">\n\t\t\t\t\t\t\t\t\t\t\t\t\t\t<span class=\"wpr-title-icon\">\n\t\t\t\t\t\t\t\t\t<\/span>\n\t\t\t\t\t\t\t\t\t\t\t\t<\/div>\n\t\t\t\t\t\t\t\t\n\t\t\t\t\t\t\t\t<span class=\"wpr-acc-title-text\">1. Was ist der BVIK Jugendhilfeverbund?<\/span>\n\t\t\t\t\t\t\t<\/span>\n\t\t\t\t\t\t\t\t\t\t\t<span class=\"wpr-toggle-icon wpr-ti-close\"><svg aria-hidden=\"true\" class=\"e-font-icon-svg e-fas-caret-down\" viewBox=\"0 0 320 512\" xmlns=\"http:\/\/www.w3.org\/2000\/svg\"><path d=\"M31.3 192h257.3c17.8 0 26.7 21.5 14.1 34.1L174.1 354.8c-7.8 7.8-20.5 7.8-28.3 0L17.2 226.1C4.6 213.5 13.5 192 31.3 192z\"><\/path><\/svg><\/span>\n\t\t\t\t<span class=\"wpr-toggle-icon wpr-ti-open\"><svg aria-hidden=\"true\" class=\"e-font-icon-svg e-fas-caret-up\" viewBox=\"0 0 320 512\" xmlns=\"http:\/\/www.w3.org\/2000\/svg\"><path d=\"M288.662 352H31.338c-17.818 0-26.741-21.543-14.142-34.142l128.662-128.662c7.81-7.81 20.474-7.81 28.284 0l128.662 128.662c12.6 12.599 3.676 34.142-14.142 34.142z\"><\/path><\/svg><\/span>\n\t\t\t\t\t\t\t\t\t<\/button>\n\n\t\t\t\t\t\t<div class=\"wpr-acc-panel\">\n\t\t\t\t\t\t\t\t\t\t\t\t\t\t\t<div class=\"wpr-acc-panel-content\"><p>Der BVIK Jugendhilfeverbund ist ein bundesweit t\u00e4tiger gemeinn\u00fctziger Tr\u00e4ger der Kinder- und Jugendhilfe. Wir unterst\u00fctzen Kinder, Jugendliche und Familien in schwierigen Lebenssituationen und bieten individuelle Hilfen zur Erziehung sowie Perspektiventwicklung.<\/p><\/div>\n\t\t\t\t\t\t\t\t\t\t\t\t\t<\/div>\n                    <\/div>\n\n                \n\t\t\t\t\t<div class=\"wpr-accordion-item-wrap\">\n\t\t\t\t\t\t<button class=\"wpr-acc-button\">\n\t\t\t\t\t\t\t<span class=\"wpr-acc-item-title\">\n\t\t\t\t\t\t\t\t\t\t\t\t\t\t\t\t\t<div class=\"wpr-acc-icon-box\">\n\t\t\t\t\t\t\t\t\t\t\t\t\t\t<span class=\"wpr-title-icon\">\n\t\t\t\t\t\t\t\t\t<\/span>\n\t\t\t\t\t\t\t\t\t\t\t\t<\/div>\n\t\t\t\t\t\t\t\t\n\t\t\t\t\t\t\t\t<span class=\"wpr-acc-title-text\">2. Welche Angebote umfasst der BVIK Jugendhilfeverbund?<\/span>\n\t\t\t\t\t\t\t<\/span>\n\t\t\t\t\t\t\t\t\t\t\t<span class=\"wpr-toggle-icon wpr-ti-close\"><svg aria-hidden=\"true\" class=\"e-font-icon-svg e-fas-caret-down\" viewBox=\"0 0 320 512\" xmlns=\"http:\/\/www.w3.org\/2000\/svg\"><path d=\"M31.3 192h257.3c17.8 0 26.7 21.5 14.1 34.1L174.1 354.8c-7.8 7.8-20.5 7.8-28.3 0L17.2 226.1C4.6 213.5 13.5 192 31.3 192z\"><\/path><\/svg><\/span>\n\t\t\t\t<span class=\"wpr-toggle-icon wpr-ti-open\"><svg aria-hidden=\"true\" class=\"e-font-icon-svg e-fas-caret-up\" viewBox=\"0 0 320 512\" xmlns=\"http:\/\/www.w3.org\/2000\/svg\"><path d=\"M288.662 352H31.338c-17.818 0-26.741-21.543-14.142-34.142l128.662-128.662c7.81-7.81 20.474-7.81 28.284 0l128.662 128.662c12.6 12.599 3.676 34.142-14.142 34.142z\"><\/path><\/svg><\/span>\n\t\t\t\t\t\t\t\t\t<\/button>\n\n\t\t\t\t\t\t<div class=\"wpr-acc-panel\">\n\t\t\t\t\t\t\t\t\t\t\t\t\t\t\t<div class=\"wpr-acc-panel-content\"><p data-start=\"576\" data-end=\"616\">Unsere Leistungen umfassen insbesondere:<\/p><ul data-start=\"618\" data-end=\"960\"><li data-section-id=\"12rmdu5\" data-start=\"618\" data-end=\"673\">Station\u00e4re Hilfen zur Erziehung (\u00a7\u00a7 34, 35a SGB VIII)<\/li><li data-section-id=\"1y4umk9\" data-start=\"674\" data-end=\"717\">Mutter-Kind-Einrichtungen (\u00a7 19 SGB VIII)<\/li><li data-section-id=\"1locxt9\" data-start=\"718\" data-end=\"748\">Inobhutnahme (\u00a7 42 SGB VIII)<\/li><li data-section-id=\"1x2ltuq\" data-start=\"749\" data-end=\"793\">Verselbst\u00e4ndigungsangebote (\u00a7 41 SGB VIII)<\/li><li data-section-id=\"11rlvqx\" data-start=\"794\" data-end=\"863\">Individuelle Sonderma\u00dfnahmen (z. B. ISE, auch mit Auslandsanteilen)<\/li><li data-section-id=\"ye6c6k\" data-start=\"864\" data-end=\"917\">Fachleistungsstunden (p\u00e4dagogische Einzelfallhilfe)<\/li><li data-section-id=\"1sphpda\" data-start=\"918\" data-end=\"960\">Integrations- und Besch\u00e4ftigungsangebote<\/li><\/ul><\/div>\n\t\t\t\t\t\t\t\t\t\t\t\t\t<\/div>\n                    <\/div>\n\n                \n\t\t\t\t\t<div class=\"wpr-accordion-item-wrap\">\n\t\t\t\t\t\t<button class=\"wpr-acc-button\">\n\t\t\t\t\t\t\t<span class=\"wpr-acc-item-title\">\n\t\t\t\t\t\t\t\t\t\t\t\t\t\t\t\t\t<div class=\"wpr-acc-icon-box\">\n\t\t\t\t\t\t\t\t\t\t\t\t\t\t<span class=\"wpr-title-icon\">\n\t\t\t\t\t\t\t\t\t<\/span>\n\t\t\t\t\t\t\t\t\t\t\t\t<\/div>\n\t\t\t\t\t\t\t\t\n\t\t\t\t\t\t\t\t<span class=\"wpr-acc-title-text\">3. F\u00fcr wen sind die Angebote gedacht?<\/span>\n\t\t\t\t\t\t\t<\/span>\n\t\t\t\t\t\t\t\t\t\t\t<span class=\"wpr-toggle-icon wpr-ti-close\"><svg aria-hidden=\"true\" class=\"e-font-icon-svg e-fas-caret-down\" viewBox=\"0 0 320 512\" xmlns=\"http:\/\/www.w3.org\/2000\/svg\"><path d=\"M31.3 192h257.3c17.8 0 26.7 21.5 14.1 34.1L174.1 354.8c-7.8 7.8-20.5 7.8-28.3 0L17.2 226.1C4.6 213.5 13.5 192 31.3 192z\"><\/path><\/svg><\/span>\n\t\t\t\t<span class=\"wpr-toggle-icon wpr-ti-open\"><svg aria-hidden=\"true\" class=\"e-font-icon-svg e-fas-caret-up\" viewBox=\"0 0 320 512\" xmlns=\"http:\/\/www.w3.org\/2000\/svg\"><path d=\"M288.662 352H31.338c-17.818 0-26.741-21.543-14.142-34.142l128.662-128.662c7.81-7.81 20.474-7.81 28.284 0l128.662 128.662c12.6 12.599 3.676 34.142-14.142 34.142z\"><\/path><\/svg><\/span>\n\t\t\t\t\t\t\t\t\t<\/button>\n\n\t\t\t\t\t\t<div class=\"wpr-acc-panel\">\n\t\t\t\t\t\t\t\t\t\t\t\t\t\t\t<div class=\"wpr-acc-panel-content\"><p data-start=\"1008\" data-end=\"1040\">Unsere Angebote richten sich an:<\/p><ul data-start=\"1042\" data-end=\"1237\"><li data-section-id=\"16cje8g\" data-start=\"1042\" data-end=\"1093\">Kinder und Jugendliche mit Unterst\u00fctzungsbedarf<\/li><li data-section-id=\"ysyy4f\" data-start=\"1094\" data-end=\"1140\">Unbegleitete minderj\u00e4hrige Ausl\u00e4nder (umA)<\/li><li data-section-id=\"1vza925\" data-start=\"1141\" data-end=\"1162\">Junge Vollj\u00e4hrige<\/li><li data-section-id=\"1ga3tzl\" data-start=\"1163\" data-end=\"1191\">M\u00fctter\/V\u00e4ter mit Kindern<\/li><li data-section-id=\"tk821h\" data-start=\"1192\" data-end=\"1237\">Familien in belastenden Lebenssituationen<\/li><\/ul><\/div>\n\t\t\t\t\t\t\t\t\t\t\t\t\t<\/div>\n                    <\/div>\n\n                \n\t\t\t\t\t<div class=\"wpr-accordion-item-wrap\">\n\t\t\t\t\t\t<button class=\"wpr-acc-button\">\n\t\t\t\t\t\t\t<span class=\"wpr-acc-item-title\">\n\t\t\t\t\t\t\t\t\t\t\t\t\t\t\t\t\t<div class=\"wpr-acc-icon-box\">\n\t\t\t\t\t\t\t\t\t\t\t\t\t\t<span class=\"wpr-title-icon\">\n\t\t\t\t\t\t\t\t\t<\/span>\n\t\t\t\t\t\t\t\t\t\t\t\t<\/div>\n\t\t\t\t\t\t\t\t\n\t\t\t\t\t\t\t\t<span class=\"wpr-acc-title-text\">4. Was bedeutet \u201eLebensperspektive Plus\u201c?<\/span>\n\t\t\t\t\t\t\t<\/span>\n\t\t\t\t\t\t\t\t\t\t\t<span class=\"wpr-toggle-icon wpr-ti-close\"><svg aria-hidden=\"true\" class=\"e-font-icon-svg e-fas-caret-down\" viewBox=\"0 0 320 512\" xmlns=\"http:\/\/www.w3.org\/2000\/svg\"><path d=\"M31.3 192h257.3c17.8 0 26.7 21.5 14.1 34.1L174.1 354.8c-7.8 7.8-20.5 7.8-28.3 0L17.2 226.1C4.6 213.5 13.5 192 31.3 192z\"><\/path><\/svg><\/span>\n\t\t\t\t<span class=\"wpr-toggle-icon wpr-ti-open\"><svg aria-hidden=\"true\" class=\"e-font-icon-svg e-fas-caret-up\" viewBox=\"0 0 320 512\" xmlns=\"http:\/\/www.w3.org\/2000\/svg\"><path d=\"M288.662 352H31.338c-17.818 0-26.741-21.543-14.142-34.142l128.662-128.662c7.81-7.81 20.474-7.81 28.284 0l128.662 128.662c12.6 12.599 3.676 34.142-14.142 34.142z\"><\/path><\/svg><\/span>\n\t\t\t\t\t\t\t\t\t<\/button>\n\n\t\t\t\t\t\t<div class=\"wpr-acc-panel\">\n\t\t\t\t\t\t\t\t\t\t\t\t\t\t\t<div class=\"wpr-acc-panel-content\"><p data-start=\"1289\" data-end=\"1440\">\u201eLebensperspektive Plus\u201c ist unser Leitbild. Es steht daf\u00fcr, dass wir nicht nur kurzfristige Hilfe leisten, sondern langfristige Perspektiven schaffen:<\/p><ul data-start=\"1442\" data-end=\"1555\"><li data-section-id=\"1r7qjdf\" data-start=\"1442\" data-end=\"1472\">Pers\u00f6nlichkeitsentwicklung<\/li><li data-section-id=\"ewqrjk\" data-start=\"1473\" data-end=\"1499\">Bildung und Ausbildung<\/li><li data-section-id=\"1n8ed0x\" data-start=\"1500\" data-end=\"1523\">soziale Integration<\/li><li data-section-id=\"1t5l0hx\" data-start=\"1524\" data-end=\"1555\">eigenst\u00e4ndige Lebensf\u00fchrung<\/li><\/ul><\/div>\n\t\t\t\t\t\t\t\t\t\t\t\t\t<\/div>\n                    <\/div>\n\n                \n\t\t\t\t\t<div class=\"wpr-accordion-item-wrap\">\n\t\t\t\t\t\t<button class=\"wpr-acc-button\">\n\t\t\t\t\t\t\t<span class=\"wpr-acc-item-title\">\n\t\t\t\t\t\t\t\t\t\t\t\t\t\t\t\t\t<div class=\"wpr-acc-icon-box\">\n\t\t\t\t\t\t\t\t\t\t\t\t\t\t<span class=\"wpr-title-icon\">\n\t\t\t\t\t<i aria-hidden=\"true\" class=\"far fa-edit\"><\/i>\t\t\t\t<\/span>\n\t\t\t\t\t\t\t\t\t\t\t\t<\/div>\n\t\t\t\t\t\t\t\t\n\t\t\t\t\t\t\t\t<span class=\"wpr-acc-title-text\">5. Wie erfolgt die Aufnahme in eine Einrichtung?<\/span>\n\t\t\t\t\t\t\t<\/span>\n\t\t\t\t\t\t\t\t\t\t\t<span class=\"wpr-toggle-icon wpr-ti-close\"><svg aria-hidden=\"true\" class=\"e-font-icon-svg e-fas-caret-down\" viewBox=\"0 0 320 512\" xmlns=\"http:\/\/www.w3.org\/2000\/svg\"><path d=\"M31.3 192h257.3c17.8 0 26.7 21.5 14.1 34.1L174.1 354.8c-7.8 7.8-20.5 7.8-28.3 0L17.2 226.1C4.6 213.5 13.5 192 31.3 192z\"><\/path><\/svg><\/span>\n\t\t\t\t<span class=\"wpr-toggle-icon wpr-ti-open\"><svg aria-hidden=\"true\" class=\"e-font-icon-svg e-fas-caret-up\" viewBox=\"0 0 320 512\" xmlns=\"http:\/\/www.w3.org\/2000\/svg\"><path d=\"M288.662 352H31.338c-17.818 0-26.741-21.543-14.142-34.142l128.662-128.662c7.81-7.81 20.474-7.81 28.284 0l128.662 128.662c12.6 12.599 3.676 34.142-14.142 34.142z\"><\/path><\/svg><\/span>\n\t\t\t\t\t\t\t\t\t<\/button>\n\n\t\t\t\t\t\t<div class=\"wpr-acc-panel\">\n\t\t\t\t\t\t\t\t\t\t\t\t\t\t\t<div class=\"wpr-acc-panel-content\"><p data-start=\"1614\" data-end=\"1659\">Die Aufnahme erfolgt in enger Abstimmung mit:<\/p><ul data-start=\"1661\" data-end=\"1742\"><li data-section-id=\"1fezhfs\" data-start=\"1661\" data-end=\"1690\">dem zust\u00e4ndigen Jugendamt<\/li><li data-section-id=\"cpsqxm\" data-start=\"1691\" data-end=\"1712\">Sorgeberechtigten<\/li><li data-section-id=\"o63m8m\" data-start=\"1713\" data-end=\"1742\">ggf. weiteren Fachstellen<\/li><\/ul><p data-start=\"1744\" data-end=\"1794\">Grundlage ist in der Regel ein Hilfeplanverfahren.<\/p><\/div>\n\t\t\t\t\t\t\t\t\t\t\t\t\t<\/div>\n                    <\/div>\n\n                \n\t\t\t\t\t<div class=\"wpr-accordion-item-wrap\">\n\t\t\t\t\t\t<button class=\"wpr-acc-button\">\n\t\t\t\t\t\t\t<span class=\"wpr-acc-item-title\">\n\t\t\t\t\t\t\t\t\t\t\t\t\t\t\t\t\t<div class=\"wpr-acc-icon-box\">\n\t\t\t\t\t\t\t\t\t\t\t\t\t\t<span class=\"wpr-title-icon\">\n\t\t\t\t\t<i aria-hidden=\"true\" class=\"far fa-edit\"><\/i>\t\t\t\t<\/span>\n\t\t\t\t\t\t\t\t\t\t\t\t<\/div>\n\t\t\t\t\t\t\t\t\n\t\t\t\t\t\t\t\t<span class=\"wpr-acc-title-text\">6. Wie ist die Betreuung organisiert?<\/span>\n\t\t\t\t\t\t\t<\/span>\n\t\t\t\t\t\t\t\t\t\t\t<span class=\"wpr-toggle-icon wpr-ti-close\"><svg aria-hidden=\"true\" class=\"e-font-icon-svg e-fas-caret-down\" viewBox=\"0 0 320 512\" xmlns=\"http:\/\/www.w3.org\/2000\/svg\"><path d=\"M31.3 192h257.3c17.8 0 26.7 21.5 14.1 34.1L174.1 354.8c-7.8 7.8-20.5 7.8-28.3 0L17.2 226.1C4.6 213.5 13.5 192 31.3 192z\"><\/path><\/svg><\/span>\n\t\t\t\t<span class=\"wpr-toggle-icon wpr-ti-open\"><svg aria-hidden=\"true\" class=\"e-font-icon-svg e-fas-caret-up\" viewBox=\"0 0 320 512\" xmlns=\"http:\/\/www.w3.org\/2000\/svg\"><path d=\"M288.662 352H31.338c-17.818 0-26.741-21.543-14.142-34.142l128.662-128.662c7.81-7.81 20.474-7.81 28.284 0l128.662 128.662c12.6 12.599 3.676 34.142-14.142 34.142z\"><\/path><\/svg><\/span>\n\t\t\t\t\t\t\t\t\t<\/button>\n\n\t\t\t\t\t\t<div class=\"wpr-acc-panel\">\n\t\t\t\t\t\t\t\t\t\t\t\t\t\t\t<div class=\"wpr-acc-panel-content\"><p data-start=\"1842\" data-end=\"1911\">Unsere Betreuung erfolgt durch qualifiziertes Fachpersonal, darunter:<\/p><ul data-start=\"1913\" data-end=\"2004\"><li data-section-id=\"2924eg\" data-start=\"1913\" data-end=\"1946\">staatlich anerkannte Erzieher<\/li><li data-section-id=\"uzy13z\" data-start=\"1947\" data-end=\"1966\">Sozialp\u00e4dagogen<\/li><li data-section-id=\"1outytl\" data-start=\"1967\" data-end=\"2004\">Psychologen (je nach Einrichtung)<\/li><\/ul><p data-start=\"2006\" data-end=\"2082\">Wir arbeiten mit klaren Betreuungsschl\u00fcsseln und individuellen F\u00f6rderpl\u00e4nen.<\/p><\/div>\n\t\t\t\t\t\t\t\t\t\t\t\t\t<\/div>\n                    <\/div>\n\n                \n\t\t\t\t\t<div class=\"wpr-accordion-item-wrap\">\n\t\t\t\t\t\t<button class=\"wpr-acc-button\">\n\t\t\t\t\t\t\t<span class=\"wpr-acc-item-title\">\n\t\t\t\t\t\t\t\t\t\t\t\t\t\t\t\t\t<div class=\"wpr-acc-icon-box\">\n\t\t\t\t\t\t\t\t\t\t\t\t\t\t<span class=\"wpr-title-icon\">\n\t\t\t\t\t<i aria-hidden=\"true\" class=\"far fa-edit\"><\/i>\t\t\t\t<\/span>\n\t\t\t\t\t\t\t\t\t\t\t\t<\/div>\n\t\t\t\t\t\t\t\t\n\t\t\t\t\t\t\t\t<span class=\"wpr-acc-title-text\">7. Was sind Fachleistungsstunden (FLS)?<\/span>\n\t\t\t\t\t\t\t<\/span>\n\t\t\t\t\t\t\t\t\t\t\t<span class=\"wpr-toggle-icon wpr-ti-close\"><svg aria-hidden=\"true\" class=\"e-font-icon-svg e-fas-caret-down\" viewBox=\"0 0 320 512\" xmlns=\"http:\/\/www.w3.org\/2000\/svg\"><path d=\"M31.3 192h257.3c17.8 0 26.7 21.5 14.1 34.1L174.1 354.8c-7.8 7.8-20.5 7.8-28.3 0L17.2 226.1C4.6 213.5 13.5 192 31.3 192z\"><\/path><\/svg><\/span>\n\t\t\t\t<span class=\"wpr-toggle-icon wpr-ti-open\"><svg aria-hidden=\"true\" class=\"e-font-icon-svg e-fas-caret-up\" viewBox=\"0 0 320 512\" xmlns=\"http:\/\/www.w3.org\/2000\/svg\"><path d=\"M288.662 352H31.338c-17.818 0-26.741-21.543-14.142-34.142l128.662-128.662c7.81-7.81 20.474-7.81 28.284 0l128.662 128.662c12.6 12.599 3.676 34.142-14.142 34.142z\"><\/path><\/svg><\/span>\n\t\t\t\t\t\t\t\t\t<\/button>\n\n\t\t\t\t\t\t<div class=\"wpr-acc-panel\">\n\t\t\t\t\t\t\t\t\t\t\t\t\t\t\t<div class=\"wpr-acc-panel-content\"><p data-start=\"2132\" data-end=\"2215\">Fachleistungsstunden sind zus\u00e4tzliche individuelle Unterst\u00fctzungsleistungen, z. B.:<\/p><ul data-start=\"2217\" data-end=\"2320\"><li data-section-id=\"bdgo5h\" data-start=\"2217\" data-end=\"2246\">intensive Einzelbetreuung<\/li><li data-section-id=\"1hj23k5\" data-start=\"2247\" data-end=\"2269\">Krisenintervention<\/li><li data-section-id=\"tmamj0\" data-start=\"2270\" data-end=\"2298\">schulische Unterst\u00fctzung<\/li><li data-section-id=\"2uujx8\" data-start=\"2299\" data-end=\"2320\">soziale Trainings<\/li><\/ul><p data-start=\"2322\" data-end=\"2392\">Sie werden individuell vereinbart und erg\u00e4nzen die regul\u00e4re Betreuung.<\/p><\/div>\n\t\t\t\t\t\t\t\t\t\t\t\t\t<\/div>\n                    <\/div>\n\n                            <\/div>\n        \t\t\t\t<\/div>\n\t\t\t\t<div class=\"elementor-element elementor-element-14c1194 wpr-advanced-accordion-icon-side-box elementor-invisible elementor-widget elementor-widget-wpr-advanced-accordion\" data-id=\"14c1194\" data-element_type=\"widget\" data-e-type=\"widget\" data-settings=\"{&quot;active_item&quot;:0,&quot;_animation&quot;:&quot;slideInRight&quot;}\" data-widget_type=\"wpr-advanced-accordion.default\">\n\t\t\t\t\t\n            <div class=\"wpr-advanced-accordion\" data-accordion-type=\"accordion\" data-active-index=\"0\" data-accordion-trigger=\"click\" data-interaction-speed=\"0.4\">\n\n\t\t\t\n                \n\t\t\t\t\t<div class=\"wpr-accordion-item-wrap\">\n\t\t\t\t\t\t<button class=\"wpr-acc-button\">\n\t\t\t\t\t\t\t<span class=\"wpr-acc-item-title\">\n\t\t\t\t\t\t\t\t\t\t\t\t\t\t\t\t\t<div class=\"wpr-acc-icon-box\">\n\t\t\t\t\t\t\t\t\t\t\t\t\t\t<span class=\"wpr-title-icon\">\n\t\t\t\t\t\t\t\t\t<\/span>\n\t\t\t\t\t\t\t\t\t\t\t\t<\/div>\n\t\t\t\t\t\t\t\t\n\t\t\t\t\t\t\t\t<span class=\"wpr-acc-title-text\">8. Gibt es auch internationale Angebote?<\/span>\n\t\t\t\t\t\t\t<\/span>\n\t\t\t\t\t\t\t\t\t\t\t<span class=\"wpr-toggle-icon wpr-ti-close\"><svg aria-hidden=\"true\" class=\"e-font-icon-svg e-fas-caret-down\" viewBox=\"0 0 320 512\" xmlns=\"http:\/\/www.w3.org\/2000\/svg\"><path d=\"M31.3 192h257.3c17.8 0 26.7 21.5 14.1 34.1L174.1 354.8c-7.8 7.8-20.5 7.8-28.3 0L17.2 226.1C4.6 213.5 13.5 192 31.3 192z\"><\/path><\/svg><\/span>\n\t\t\t\t<span class=\"wpr-toggle-icon wpr-ti-open\"><svg aria-hidden=\"true\" class=\"e-font-icon-svg e-fas-caret-up\" viewBox=\"0 0 320 512\" xmlns=\"http:\/\/www.w3.org\/2000\/svg\"><path d=\"M288.662 352H31.338c-17.818 0-26.741-21.543-14.142-34.142l128.662-128.662c7.81-7.81 20.474-7.81 28.284 0l128.662 128.662c12.6 12.599 3.676 34.142-14.142 34.142z\"><\/path><\/svg><\/span>\n\t\t\t\t\t\t\t\t\t<\/button>\n\n\t\t\t\t\t\t<div class=\"wpr-acc-panel\">\n\t\t\t\t\t\t\t\t\t\t\t\t\t\t\t<div class=\"wpr-acc-panel-content\"><p data-start=\"1614\" data-end=\"1659\">Die Aufnahme erfolgt in enger Abstimmung mit:<\/p><ul data-start=\"1661\" data-end=\"1742\"><li data-section-id=\"1fezhfs\" data-start=\"1661\" data-end=\"1690\">dem zust\u00e4ndigen Jugendamt<\/li><li data-section-id=\"cpsqxm\" data-start=\"1691\" data-end=\"1712\">Sorgeberechtigten<\/li><li data-section-id=\"o63m8m\" data-start=\"1713\" data-end=\"1742\">ggf. weiteren Fachstellen<\/li><\/ul><p data-start=\"1744\" data-end=\"1794\">Grundlage ist in der Regel ein Hilfeplanverfahren.<\/p><\/div>\n\t\t\t\t\t\t\t\t\t\t\t\t\t<\/div>\n                    <\/div>\n\n                \n\t\t\t\t\t<div class=\"wpr-accordion-item-wrap\">\n\t\t\t\t\t\t<button class=\"wpr-acc-button\">\n\t\t\t\t\t\t\t<span class=\"wpr-acc-item-title\">\n\t\t\t\t\t\t\t\t\t\t\t\t\t\t\t\t\t<div class=\"wpr-acc-icon-box\">\n\t\t\t\t\t\t\t\t\t\t\t\t\t\t<span class=\"wpr-title-icon\">\n\t\t\t\t\t\t\t\t\t<\/span>\n\t\t\t\t\t\t\t\t\t\t\t\t<\/div>\n\t\t\t\t\t\t\t\t\n\t\t\t\t\t\t\t\t<span class=\"wpr-acc-title-text\">9. Wie wird die Qualit\u00e4t sichergestellt?<\/span>\n\t\t\t\t\t\t\t<\/span>\n\t\t\t\t\t\t\t\t\t\t\t<span class=\"wpr-toggle-icon wpr-ti-close\"><svg aria-hidden=\"true\" class=\"e-font-icon-svg e-fas-caret-down\" viewBox=\"0 0 320 512\" xmlns=\"http:\/\/www.w3.org\/2000\/svg\"><path d=\"M31.3 192h257.3c17.8 0 26.7 21.5 14.1 34.1L174.1 354.8c-7.8 7.8-20.5 7.8-28.3 0L17.2 226.1C4.6 213.5 13.5 192 31.3 192z\"><\/path><\/svg><\/span>\n\t\t\t\t<span class=\"wpr-toggle-icon wpr-ti-open\"><svg aria-hidden=\"true\" class=\"e-font-icon-svg e-fas-caret-up\" viewBox=\"0 0 320 512\" xmlns=\"http:\/\/www.w3.org\/2000\/svg\"><path d=\"M288.662 352H31.338c-17.818 0-26.741-21.543-14.142-34.142l128.662-128.662c7.81-7.81 20.474-7.81 28.284 0l128.662 128.662c12.6 12.599 3.676 34.142-14.142 34.142z\"><\/path><\/svg><\/span>\n\t\t\t\t\t\t\t\t\t<\/button>\n\n\t\t\t\t\t\t<div class=\"wpr-acc-panel\">\n\t\t\t\t\t\t\t\t\t\t\t\t\t\t\t<div class=\"wpr-acc-panel-content\"><p data-start=\"2744\" data-end=\"2770\">Unsere Arbeit basiert auf:<\/p><ul data-start=\"2772\" data-end=\"2935\"><li data-section-id=\"1w2vyeb\" data-start=\"2772\" data-end=\"2812\">fachlichen Standards der Jugendhilfe<\/li><li data-section-id=\"plvh8j\" data-start=\"2813\" data-end=\"2853\">internen Qualit\u00e4tsmanagementsystemen<\/li><li data-section-id=\"1m378hl\" data-start=\"2854\" data-end=\"2884\">regelm\u00e4\u00dfigen Fortbildungen<\/li><li data-section-id=\"1yvkux3\" data-start=\"2885\" data-end=\"2935\">enger Zusammenarbeit mit Beh\u00f6rden und Partnern<\/li><\/ul><\/div>\n\t\t\t\t\t\t\t\t\t\t\t\t\t<\/div>\n                    <\/div>\n\n                \n\t\t\t\t\t<div class=\"wpr-accordion-item-wrap\">\n\t\t\t\t\t\t<button class=\"wpr-acc-button\">\n\t\t\t\t\t\t\t<span class=\"wpr-acc-item-title\">\n\t\t\t\t\t\t\t\t\t\t\t\t\t\t\t\t\t<div class=\"wpr-acc-icon-box\">\n\t\t\t\t\t\t\t\t\t\t\t\t\t\t<span class=\"wpr-title-icon\">\n\t\t\t\t\t\t\t\t\t<\/span>\n\t\t\t\t\t\t\t\t\t\t\t\t<\/div>\n\t\t\t\t\t\t\t\t\n\t\t\t\t\t\t\t\t<span class=\"wpr-acc-title-text\">10. Wie unterscheidet sich BVIK von anderen Tr\u00e4gern?<\/span>\n\t\t\t\t\t\t\t<\/span>\n\t\t\t\t\t\t\t\t\t\t\t<span class=\"wpr-toggle-icon wpr-ti-close\"><svg aria-hidden=\"true\" class=\"e-font-icon-svg e-fas-caret-down\" viewBox=\"0 0 320 512\" xmlns=\"http:\/\/www.w3.org\/2000\/svg\"><path d=\"M31.3 192h257.3c17.8 0 26.7 21.5 14.1 34.1L174.1 354.8c-7.8 7.8-20.5 7.8-28.3 0L17.2 226.1C4.6 213.5 13.5 192 31.3 192z\"><\/path><\/svg><\/span>\n\t\t\t\t<span class=\"wpr-toggle-icon wpr-ti-open\"><svg aria-hidden=\"true\" class=\"e-font-icon-svg e-fas-caret-up\" viewBox=\"0 0 320 512\" xmlns=\"http:\/\/www.w3.org\/2000\/svg\"><path d=\"M288.662 352H31.338c-17.818 0-26.741-21.543-14.142-34.142l128.662-128.662c7.81-7.81 20.474-7.81 28.284 0l128.662 128.662c12.6 12.599 3.676 34.142-14.142 34.142z\"><\/path><\/svg><\/span>\n\t\t\t\t\t\t\t\t\t<\/button>\n\n\t\t\t\t\t\t<div class=\"wpr-acc-panel\">\n\t\t\t\t\t\t\t\t\t\t\t\t\t\t\t<div class=\"wpr-acc-panel-content\"><p data-start=\"2998\" data-end=\"3050\">Der BVIK Jugendhilfeverbund zeichnet sich aus durch:<\/p><ul data-start=\"3052\" data-end=\"3241\"><li data-section-id=\"r7d45m\" data-start=\"3052\" data-end=\"3079\">hohe Praxisorientierung<\/li><li data-section-id=\"ryd8oa\" data-start=\"3080\" data-end=\"3114\">schnelle und flexible L\u00f6sungen<\/li><li data-section-id=\"1ne3e5m\" data-start=\"3115\" data-end=\"3136\">starke Vernetzung<\/li><li data-section-id=\"1l17h85\" data-start=\"3137\" data-end=\"3193\">Kombination aus Jugendhilfe, Bildung und Integration<\/li><li data-section-id=\"4u8n1u\" data-start=\"3194\" data-end=\"3241\">innovativer Ansatz bei individuellen Hilfen<\/li><\/ul><\/div>\n\t\t\t\t\t\t\t\t\t\t\t\t\t<\/div>\n                    <\/div>\n\n                \n\t\t\t\t\t<div class=\"wpr-accordion-item-wrap\">\n\t\t\t\t\t\t<button class=\"wpr-acc-button\">\n\t\t\t\t\t\t\t<span class=\"wpr-acc-item-title\">\n\t\t\t\t\t\t\t\t\t\t\t\t\t\t\t\t\t<div class=\"wpr-acc-icon-box\">\n\t\t\t\t\t\t\t\t\t\t\t\t\t\t<span class=\"wpr-title-icon\">\n\t\t\t\t\t\t\t\t\t<\/span>\n\t\t\t\t\t\t\t\t\t\t\t\t<\/div>\n\t\t\t\t\t\t\t\t\n\t\t\t\t\t\t\t\t<span class=\"wpr-acc-title-text\">11. Wie arbeiten wir mit  Partnern zusammenarbeiten?<\/span>\n\t\t\t\t\t\t\t<\/span>\n\t\t\t\t\t\t\t\t\t\t\t<span class=\"wpr-toggle-icon wpr-ti-close\"><svg aria-hidden=\"true\" class=\"e-font-icon-svg e-fas-caret-down\" viewBox=\"0 0 320 512\" xmlns=\"http:\/\/www.w3.org\/2000\/svg\"><path d=\"M31.3 192h257.3c17.8 0 26.7 21.5 14.1 34.1L174.1 354.8c-7.8 7.8-20.5 7.8-28.3 0L17.2 226.1C4.6 213.5 13.5 192 31.3 192z\"><\/path><\/svg><\/span>\n\t\t\t\t<span class=\"wpr-toggle-icon wpr-ti-open\"><svg aria-hidden=\"true\" class=\"e-font-icon-svg e-fas-caret-up\" viewBox=\"0 0 320 512\" xmlns=\"http:\/\/www.w3.org\/2000\/svg\"><path d=\"M288.662 352H31.338c-17.818 0-26.741-21.543-14.142-34.142l128.662-128.662c7.81-7.81 20.474-7.81 28.284 0l128.662 128.662c12.6 12.599 3.676 34.142-14.142 34.142z\"><\/path><\/svg><\/span>\n\t\t\t\t\t\t\t\t\t<\/button>\n\n\t\t\t\t\t\t<div class=\"wpr-acc-panel\">\n\t\t\t\t\t\t\t\t\t\t\t\t\t\t\t<div class=\"wpr-acc-panel-content\"><p data-start=\"3317\" data-end=\"3354\">Eine Zusammenarbeit ist m\u00f6glich \u00fcber:<\/p><ul data-start=\"3356\" data-end=\"3430\"><li data-section-id=\"27lo72\" data-start=\"3356\" data-end=\"3376\">direkte Anfragen<\/li><li data-section-id=\"76zgi4\" data-start=\"3377\" data-end=\"3399\">Konferenzzen<\/li><li data-section-id=\"1ug4ey7\" data-start=\"3400\" data-end=\"3430\">Kooperationsvereinbarungen<\/li><\/ul><p data-start=\"3432\" data-end=\"3502\">Wir stehen f\u00fcr kurzfristige L\u00f6sungen und langfristige Partnerschaften.<\/p><\/div>\n\t\t\t\t\t\t\t\t\t\t\t\t\t<\/div>\n                    <\/div>\n\n                \n\t\t\t\t\t<div class=\"wpr-accordion-item-wrap\">\n\t\t\t\t\t\t<button class=\"wpr-acc-button\">\n\t\t\t\t\t\t\t<span class=\"wpr-acc-item-title\">\n\t\t\t\t\t\t\t\t\t\t\t\t\t\t\t\t\t<div class=\"wpr-acc-icon-box\">\n\t\t\t\t\t\t\t\t\t\t\t\t\t\t<span class=\"wpr-title-icon\">\n\t\t\t\t\t<i aria-hidden=\"true\" class=\"far fa-edit\"><\/i>\t\t\t\t<\/span>\n\t\t\t\t\t\t\t\t\t\t\t\t<\/div>\n\t\t\t\t\t\t\t\t\n\t\t\t\t\t\t\t\t<span class=\"wpr-acc-title-text\">12. Wo ist BVIK t\u00e4tig?<\/span>\n\t\t\t\t\t\t\t<\/span>\n\t\t\t\t\t\t\t\t\t\t\t<span class=\"wpr-toggle-icon wpr-ti-close\"><svg aria-hidden=\"true\" class=\"e-font-icon-svg e-fas-caret-down\" viewBox=\"0 0 320 512\" xmlns=\"http:\/\/www.w3.org\/2000\/svg\"><path d=\"M31.3 192h257.3c17.8 0 26.7 21.5 14.1 34.1L174.1 354.8c-7.8 7.8-20.5 7.8-28.3 0L17.2 226.1C4.6 213.5 13.5 192 31.3 192z\"><\/path><\/svg><\/span>\n\t\t\t\t<span class=\"wpr-toggle-icon wpr-ti-open\"><svg aria-hidden=\"true\" class=\"e-font-icon-svg e-fas-caret-up\" viewBox=\"0 0 320 512\" xmlns=\"http:\/\/www.w3.org\/2000\/svg\"><path d=\"M288.662 352H31.338c-17.818 0-26.741-21.543-14.142-34.142l128.662-128.662c7.81-7.81 20.474-7.81 28.284 0l128.662 128.662c12.6 12.599 3.676 34.142-14.142 34.142z\"><\/path><\/svg><\/span>\n\t\t\t\t\t\t\t\t\t<\/button>\n\n\t\t\t\t\t\t<div class=\"wpr-acc-panel\">\n\t\t\t\t\t\t\t\t\t\t\t\t\t\t\t<div class=\"wpr-acc-panel-content\"><p data-start=\"3535\" data-end=\"3612\">Der BVIK Jugendhilfeverbund ist bundesweit aktiv, mit Schwerpunkten u. a. in:<\/p><ul data-start=\"3614\" data-end=\"3675\"><li data-section-id=\"10uavzu\" data-start=\"3614\" data-end=\"3632\">Sachsen-Anhalt<br \/>-K\u00f6then 3x<br \/>-Gro\u00dfbadegast 2x<br \/>-Z\u00f6rbig<br \/>-Susigke<br \/>-Dessau-Ro\u00dflau 2x<br \/>-Oschersleben 2x<br \/>-Magdeburg<br \/>-Jessen<br \/>-Wittenberg<\/li><li data-section-id=\"10uavzu\" data-start=\"3614\" data-end=\"3632\">Th\u00fcringen<br \/>-Erfurt<\/li><li data-section-id=\"10uavzu\" data-start=\"3614\" data-end=\"3632\">Bayern<br \/>-Arnstorf<br \/>-Straubing<\/li><li data-section-id=\"1devmzs\" data-start=\"3644\" data-end=\"3675\">weiteren Regionen im Aufbau<\/li><\/ul><\/div>\n\t\t\t\t\t\t\t\t\t\t\t\t\t<\/div>\n                    <\/div>\n\n                \n\t\t\t\t\t<div class=\"wpr-accordion-item-wrap\">\n\t\t\t\t\t\t<button class=\"wpr-acc-button\">\n\t\t\t\t\t\t\t<span class=\"wpr-acc-item-title\">\n\t\t\t\t\t\t\t\t\t\t\t\t\t\t\t\t\t<div class=\"wpr-acc-icon-box\">\n\t\t\t\t\t\t\t\t\t\t\t\t\t\t<span class=\"wpr-title-icon\">\n\t\t\t\t\t<i aria-hidden=\"true\" class=\"far fa-edit\"><\/i>\t\t\t\t<\/span>\n\t\t\t\t\t\t\t\t\t\t\t\t<\/div>\n\t\t\t\t\t\t\t\t\n\t\t\t\t\t\t\t\t<span class=\"wpr-acc-title-text\">13. K\u00f6nnen auch individuelle L\u00f6sungen entwickelt werden?<\/span>\n\t\t\t\t\t\t\t<\/span>\n\t\t\t\t\t\t\t\t\t\t\t<span class=\"wpr-toggle-icon wpr-ti-close\"><svg aria-hidden=\"true\" class=\"e-font-icon-svg e-fas-caret-down\" viewBox=\"0 0 320 512\" xmlns=\"http:\/\/www.w3.org\/2000\/svg\"><path d=\"M31.3 192h257.3c17.8 0 26.7 21.5 14.1 34.1L174.1 354.8c-7.8 7.8-20.5 7.8-28.3 0L17.2 226.1C4.6 213.5 13.5 192 31.3 192z\"><\/path><\/svg><\/span>\n\t\t\t\t<span class=\"wpr-toggle-icon wpr-ti-open\"><svg aria-hidden=\"true\" class=\"e-font-icon-svg e-fas-caret-up\" viewBox=\"0 0 320 512\" xmlns=\"http:\/\/www.w3.org\/2000\/svg\"><path d=\"M288.662 352H31.338c-17.818 0-26.741-21.543-14.142-34.142l128.662-128.662c7.81-7.81 20.474-7.81 28.284 0l128.662 128.662c12.6 12.599 3.676 34.142-14.142 34.142z\"><\/path><\/svg><\/span>\n\t\t\t\t\t\t\t\t\t<\/button>\n\n\t\t\t\t\t\t<div class=\"wpr-acc-panel\">\n\t\t\t\t\t\t\t\t\t\t\t\t\t\t\t<div class=\"wpr-acc-panel-content\"><p data-start=\"3956\" data-end=\"4085\">Ja \u2013 das ist ein zentraler Bestandteil unserer Arbeit. Wir entwickeln passgenaue Konzepte f\u00fcr jeden Einzelfall, insbesondere bei:<\/p><ul data-start=\"4087\" data-end=\"4173\"><li data-section-id=\"13zh4ap\" data-start=\"4087\" data-end=\"4113\">komplexen Problemlagen<\/li><li data-section-id=\"1pvaqmz\" data-start=\"4114\" data-end=\"4135\">Ma\u00dfnahmeabbr\u00fcchen<\/li><li data-section-id=\"19ufovw\" data-start=\"4136\" data-end=\"4173\">besonderen p\u00e4dagogischen Bedarfen<\/li><\/ul><\/div>\n\t\t\t\t\t\t\t\t\t\t\t\t\t<\/div>\n                    <\/div>\n\n                \n\t\t\t\t\t<div class=\"wpr-accordion-item-wrap\">\n\t\t\t\t\t\t<button class=\"wpr-acc-button\">\n\t\t\t\t\t\t\t<span class=\"wpr-acc-item-title\">\n\t\t\t\t\t\t\t\t\t\t\t\t\t\t\t\t\t<div class=\"wpr-acc-icon-box\">\n\t\t\t\t\t\t\t\t\t\t\t\t\t\t<span class=\"wpr-title-icon\">\n\t\t\t\t\t<i aria-hidden=\"true\" class=\"far fa-edit\"><\/i>\t\t\t\t<\/span>\n\t\t\t\t\t\t\t\t\t\t\t\t<\/div>\n\t\t\t\t\t\t\t\t\n\t\t\t\t\t\t\t\t<span class=\"wpr-acc-title-text\">14. Was ist das Ziel der Arbeit des BVIK?<\/span>\n\t\t\t\t\t\t\t<\/span>\n\t\t\t\t\t\t\t\t\t\t\t<span class=\"wpr-toggle-icon wpr-ti-close\"><svg aria-hidden=\"true\" class=\"e-font-icon-svg e-fas-caret-down\" viewBox=\"0 0 320 512\" xmlns=\"http:\/\/www.w3.org\/2000\/svg\"><path d=\"M31.3 192h257.3c17.8 0 26.7 21.5 14.1 34.1L174.1 354.8c-7.8 7.8-20.5 7.8-28.3 0L17.2 226.1C4.6 213.5 13.5 192 31.3 192z\"><\/path><\/svg><\/span>\n\t\t\t\t<span class=\"wpr-toggle-icon wpr-ti-open\"><svg aria-hidden=\"true\" class=\"e-font-icon-svg e-fas-caret-up\" viewBox=\"0 0 320 512\" xmlns=\"http:\/\/www.w3.org\/2000\/svg\"><path d=\"M288.662 352H31.338c-17.818 0-26.741-21.543-14.142-34.142l128.662-128.662c7.81-7.81 20.474-7.81 28.284 0l128.662 128.662c12.6 12.599 3.676 34.142-14.142 34.142z\"><\/path><\/svg><\/span>\n\t\t\t\t\t\t\t\t\t<\/button>\n\n\t\t\t\t\t\t<div class=\"wpr-acc-panel\">\n\t\t\t\t\t\t\t\t\t\t\t\t\t\t\t<div class=\"wpr-acc-panel-content\"><p data-start=\"4225\" data-end=\"4270\">Unser Ziel ist es, jungen Menschen zu helfen:<\/p><ul data-start=\"4272\" data-end=\"4387\"><li data-section-id=\"1rv504c\" data-start=\"4272\" data-end=\"4298\">Stabilit\u00e4t zu gewinnen<\/li><li data-section-id=\"yk2z8d\" data-start=\"4299\" data-end=\"4328\">ihre St\u00e4rken zu entdecken<\/li><li data-section-id=\"wa7ukg\" data-start=\"4329\" data-end=\"4354\">eigenst\u00e4ndig zu leben<\/li><li data-section-id=\"mh1jvm\" data-start=\"4355\" data-end=\"4387\">gesellschaftlich teilzuhaben<\/li><\/ul><\/div>\n\t\t\t\t\t\t\t\t\t\t\t\t\t<\/div>\n                    <\/div>\n\n                            <\/div>\n        \t\t\t\t<\/div>\n\t\t\t\t\t<\/div>\n\t\t\t\t<\/div>\n\t\t\t\t\t<\/div>\n\t\t\t\t<\/div>\n\t\t\t\t\t<\/div>\n\t\t\t\t<\/div>\n\t\t<div class=\"elementor-element elementor-element-fbb8747 e-con-full e-flex wpr-particle-no wpr-jarallax-no wpr-parallax-no wpr-sticky-section-no wpr-equal-height-no e-con e-parent\" data-id=\"fbb8747\" data-element_type=\"container\" data-e-type=\"container\">\n\t\t\t\t<div class=\"elementor-element elementor-element-8fedb46 elementor-invisible elementor-widget elementor-widget-wpr-google-maps\" data-id=\"8fedb46\" data-element_type=\"widget\" data-e-type=\"widget\" data-settings=\"{&quot;gm_height&quot;:{&quot;unit&quot;:&quot;px&quot;,&quot;size&quot;:345,&quot;sizes&quot;:[]},&quot;_animation&quot;:&quot;fadeIn&quot;,&quot;gm_zoom_depth&quot;:{&quot;unit&quot;:&quot;px&quot;,&quot;size&quot;:17,&quot;sizes&quot;:[]},&quot;gm_height_laptop&quot;:{&quot;unit&quot;:&quot;px&quot;,&quot;size&quot;:&quot;&quot;,&quot;sizes&quot;:[]},&quot;gm_height_tablet&quot;:{&quot;unit&quot;:&quot;px&quot;,&quot;size&quot;:&quot;&quot;,&quot;sizes&quot;:[]},&quot;gm_height_mobile&quot;:{&quot;unit&quot;:&quot;px&quot;,&quot;size&quot;:&quot;&quot;,&quot;sizes&quot;:[]}}\" data-widget_type=\"wpr-google-maps.default\">\n\t\t\t\t\t<div class=\"wpr-google-map\"  data-settings=\"{&quot;type&quot;:&quot;hybrid&quot;,&quot;style&quot;:&quot;light-grayscale&quot;,&quot;zoom_depth&quot;:17,&quot;zoom_on_scroll&quot;:&quot;yes&quot;,&quot;cluster_markers&quot;:&quot;yes&quot;,&quot;clusters_url&quot;:&quot;https:\\\/\\\/bvik-jugendhilfe.de\\\/wp-content\\\/plugins\\\/royal-elementor-addons\\\/assets\\\/js\\\/lib\\\/gmap\\\/clusters\\\/m&quot;,&quot;custom_style&quot;:&quot;&quot;}\" data-locations=\"[{&quot;gm_location_title&quot;:&quot;BVIK gGmbH Zentrale&quot;,&quot;gm_latitude&quot;:&quot;51.750635&quot;,&quot;gm_longtitude&quot;:&quot;12.005199&quot;,&quot;gm_custom_marker&quot;:&quot;yes&quot;,&quot;gm_marker_icon&quot;:{&quot;url&quot;:&quot;https:\\\/\\\/bvik-jugendhilfe.de\\\/wp-content\\\/uploads\\\/2025\\\/01\\\/Map.png&quot;,&quot;id&quot;:717,&quot;size&quot;:&quot;&quot;,&quot;alt&quot;:&quot;&quot;,&quot;source&quot;:&quot;library&quot;},&quot;gm_marker_icon_size_height&quot;:{&quot;unit&quot;:&quot;px&quot;,&quot;size&quot;:40,&quot;sizes&quot;:[]},&quot;_id&quot;:&quot;8693321&quot;,&quot;gm_marker_animation&quot;:&quot;DROP&quot;,&quot;gm_show_info_window&quot;:&quot;load&quot;,&quot;gm_location_description&quot;:&quot;&quot;,&quot;gm_info_window_width&quot;:{&quot;unit&quot;:&quot;px&quot;,&quot;size&quot;:300,&quot;sizes&quot;:[]},&quot;gm_marker_icon_size_width&quot;:{&quot;unit&quot;:&quot;px&quot;,&quot;size&quot;:35,&quot;sizes&quot;:[]}}]\" data-controls=\"{&quot;type&quot;:&quot;yes&quot;,&quot;fullscreen&quot;:&quot;yes&quot;,&quot;zoom&quot;:&quot;yes&quot;,&quot;streetview&quot;:&quot;yes&quot;}\"><\/div>\t\t\t\t<\/div>\n\t\t\t\t<\/div>\n\t\t\t\t<\/div>\n\t\t","protected":false},"excerpt":{"rendered":"<p>Kontakt Home \/ Contact Lass uns sprechen! \u00dcber das Anfrageformular beantworten wir gerne Fragen Name Vorname E-Mail Nachricht Senden Ich bin damit einverstanden, weitere Mitteilungen zu erhalten. Ich stimme der Speicherung meiner Daten zu. Wir verpflichten uns, die Privatsph\u00e4re gem\u00e4\u00df unserer Datenschutzrichtlinie zu sch\u00fctzen und zu respektieren.\u00a0 Telefonnummern BVIK gGmbH 0176 177 222 07BVIK Bayern gGmbH 0176 177 22 3 22 Telefon Email info@bvik.deinfo@bvik-bayern.de E-Mail Postadressen BVIK gGmbH Kirchstra\u00dfe 1a 06366 K\u00f6thenBVIK Bayern gGmbH Europaring 4 94315 Straubing Anschrift H\u00e4ufig gestellte Fragen (FAQ) Sie m\u00f6chten sich schnell und kompakt \u00fcber den BVIK Jugendhilfeverbund informieren?In unseren FAQ finden Sie Antworten auf die wichtigsten Fragen zu unseren Angeboten, Zielgruppen und Arbeitsweisen. Unser Anspruch ist es, transparent, verst\u00e4ndlich und l\u00f6sungsorientiert zu informieren. Gleichzeitig wissen wir, dass jeder Fall individuell ist und nicht jede Frage pauschal beantwortet werden kann.Sollte Ihre Frage hier nicht ausreichend beantwortet werden, z\u00f6gern Sie bitte nicht, uns direkt zu kontaktieren.Wir stehen Ihnen gerne pers\u00f6nlich zur Verf\u00fcgung und entwickeln gemeinsam mit Ihnen passende L\u00f6sungen. 1. Was ist der BVIK Jugendhilfeverbund? Der BVIK Jugendhilfeverbund ist ein bundesweit t\u00e4tiger gemeinn\u00fctziger Tr\u00e4ger der Kinder- und Jugendhilfe. Wir unterst\u00fctzen Kinder, Jugendliche und Familien in schwierigen Lebenssituationen und bieten individuelle Hilfen zur Erziehung sowie Perspektiventwicklung. 2. Welche Angebote umfasst der BVIK Jugendhilfeverbund? Unsere Leistungen umfassen insbesondere: Station\u00e4re Hilfen zur Erziehung (\u00a7\u00a7 34, 35a SGB VIII) Mutter-Kind-Einrichtungen (\u00a7 19 SGB VIII) Inobhutnahme (\u00a7 42 SGB VIII) Verselbst\u00e4ndigungsangebote (\u00a7 41 SGB VIII) Individuelle Sonderma\u00dfnahmen (z. B. ISE, auch mit Auslandsanteilen) Fachleistungsstunden (p\u00e4dagogische Einzelfallhilfe) Integrations- und Besch\u00e4ftigungsangebote 3. F\u00fcr wen sind die Angebote gedacht? Unsere Angebote richten sich an: Kinder und Jugendliche mit Unterst\u00fctzungsbedarf Unbegleitete minderj\u00e4hrige Ausl\u00e4nder (umA) Junge Vollj\u00e4hrige M\u00fctter\/V\u00e4ter mit Kindern Familien in belastenden Lebenssituationen 4. Was bedeutet \u201eLebensperspektive Plus\u201c? \u201eLebensperspektive Plus\u201c ist unser Leitbild. Es steht daf\u00fcr, dass wir nicht nur kurzfristige Hilfe leisten, sondern langfristige Perspektiven schaffen: Pers\u00f6nlichkeitsentwicklung Bildung und Ausbildung soziale Integration eigenst\u00e4ndige Lebensf\u00fchrung 5. Wie erfolgt die Aufnahme in eine Einrichtung? Die Aufnahme erfolgt in enger Abstimmung mit: dem zust\u00e4ndigen Jugendamt Sorgeberechtigten ggf. weiteren Fachstellen Grundlage ist in der Regel ein Hilfeplanverfahren. 6. Wie ist die Betreuung organisiert? Unsere Betreuung erfolgt durch qualifiziertes Fachpersonal, darunter: staatlich anerkannte Erzieher Sozialp\u00e4dagogen Psychologen (je nach Einrichtung) Wir arbeiten mit klaren Betreuungsschl\u00fcsseln und individuellen F\u00f6rderpl\u00e4nen. 7. Was sind Fachleistungsstunden (FLS)? Fachleistungsstunden sind zus\u00e4tzliche individuelle Unterst\u00fctzungsleistungen, z. B.: intensive Einzelbetreuung Krisenintervention schulische Unterst\u00fctzung soziale Trainings Sie werden individuell vereinbart und erg\u00e4nzen die regul\u00e4re Betreuung. 8. Gibt es auch internationale Angebote? Die Aufnahme erfolgt in enger Abstimmung mit: dem zust\u00e4ndigen Jugendamt Sorgeberechtigten ggf. weiteren Fachstellen Grundlage ist in der Regel ein Hilfeplanverfahren. 9. Wie wird die Qualit\u00e4t sichergestellt? Unsere Arbeit basiert auf: fachlichen Standards der Jugendhilfe internen Qualit\u00e4tsmanagementsystemen regelm\u00e4\u00dfigen Fortbildungen enger Zusammenarbeit mit Beh\u00f6rden und Partnern 10. Wie unterscheidet sich BVIK von anderen Tr\u00e4gern? Der BVIK Jugendhilfeverbund zeichnet sich aus durch: hohe Praxisorientierung schnelle und flexible L\u00f6sungen starke Vernetzung Kombination aus Jugendhilfe, Bildung und Integration innovativer Ansatz bei individuellen Hilfen 11. Wie arbeiten wir mit Partnern zusammenarbeiten? Eine Zusammenarbeit ist m\u00f6glich \u00fcber: direkte Anfragen Konferenzzen Kooperationsvereinbarungen Wir stehen f\u00fcr kurzfristige L\u00f6sungen und langfristige Partnerschaften. 12. Wo ist BVIK t\u00e4tig? Der BVIK Jugendhilfeverbund ist bundesweit aktiv, mit Schwerpunkten u. a. in: Sachsen-Anhalt-K\u00f6then 3x-Gro\u00dfbadegast 2x-Z\u00f6rbig-Susigke-Dessau-Ro\u00dflau 2x-Oschersleben 2x-Magdeburg-Jessen-Wittenberg Th\u00fcringen-Erfurt Bayern-Arnstorf-Straubing weiteren Regionen im Aufbau 13. K\u00f6nnen auch individuelle L\u00f6sungen entwickelt werden? Ja \u2013 das ist ein zentraler Bestandteil unserer Arbeit. Wir entwickeln passgenaue Konzepte f\u00fcr jeden Einzelfall, insbesondere bei: komplexen Problemlagen Ma\u00dfnahmeabbr\u00fcchen besonderen p\u00e4dagogischen Bedarfen 14. Was ist das Ziel der Arbeit des BVIK? Unser Ziel ist es, jungen Menschen zu helfen: Stabilit\u00e4t zu gewinnen ihre St\u00e4rken zu entdecken eigenst\u00e4ndig zu leben gesellschaftlich teilzuhaben<\/p>\n","protected":false},"author":1,"featured_media":0,"parent":0,"menu_order":0,"comment_status":"closed","ping_status":"closed","template":"elementor_canvas","meta":{"footnotes":""},"class_list":["post-12","page","type-page","status-publish","hentry"],"_links":{"self":[{"href":"https:\/\/bvik-jugendhilfe.de\/index.php\/wp-json\/wp\/v2\/pages\/12","targetHints":{"allow":["GET"]}}],"collection":[{"href":"https:\/\/bvik-jugendhilfe.de\/index.php\/wp-json\/wp\/v2\/pages"}],"about":[{"href":"https:\/\/bvik-jugendhilfe.de\/index.php\/wp-json\/wp\/v2\/types\/page"}],"author":[{"embeddable":true,"href":"https:\/\/bvik-jugendhilfe.de\/index.php\/wp-json\/wp\/v2\/users\/1"}],"replies":[{"embeddable":true,"href":"https:\/\/bvik-jugendhilfe.de\/index.php\/wp-json\/wp\/v2\/comments?post=12"}],"version-history":[{"count":15,"href":"https:\/\/bvik-jugendhilfe.de\/index.php\/wp-json\/wp\/v2\/pages\/12\/revisions"}],"predecessor-version":[{"id":2577,"href":"https:\/\/bvik-jugendhilfe.de\/index.php\/wp-json\/wp\/v2\/pages\/12\/revisions\/2577"}],"wp:attachment":[{"href":"https:\/\/bvik-jugendhilfe.de\/index.php\/wp-json\/wp\/v2\/media?parent=12"}],"curies":[{"name":"wp","href":"https:\/\/api.w.org\/{rel}","templated":true}]}}